{"id":1151,"date":"2019-01-10T18:18:07","date_gmt":"2019-01-10T18:18:07","guid":{"rendered":"https:\/\/diwine.freevision.me\/?page_id=1151"},"modified":"2023-01-19T15:11:41","modified_gmt":"2023-01-19T14:11:41","slug":"le-domaine","status":"publish","type":"page","link":"https:\/\/www.chateaumarjolet.com\/index.php\/le-domaine\/","title":{"rendered":"Le Domaine"},"content":{"rendered":"<div class=\"wpb-content-wrapper\"><p>[vc_row full_width=\u00a0\u00bbstretch_row\u00a0\u00bb full_height=\u00a0\u00bbyes\u00a0\u00bb content_placement=\u00a0\u00bbmiddle\u00a0\u00bb css=\u00a0\u00bb.vc_custom_1674137499622{margin-top: -50px !important;margin-bottom: px !important;background-image: url(https:\/\/www.chateaumarjolet.com\/wp-content\/uploads\/2019\/07\/Acceuil5-1.jpg?id=3324) !important;background-position: center !important;background-repeat: no-repeat !important;background-size: cover !important;}\u00a0\u00bb][vc_column width=\u00a0\u00bb1\/3&Prime;][\/vc_column][vc_column width=\u00a0\u00bb1\/3&Prime;][vc_column_text css=\u00a0\u00bb.vc_custom_1564384751172{background-color: rgba(68,68,68,0.26) !important;*background-color: rgb(68,68,68) !important;}\u00a0\u00bb]<\/p>\n<h2 style=\"text-align: center;\"><span style=\"color: #ffffff;\">Le Domaine<\/span><\/h2>\n<h2 style=\"text-align: center;\"><span style=\"color: #ffffff;\"><em>Un Terroir et une Famille.<\/em><\/span><\/h2>\n<p>[\/vc_column_text][\/vc_column][vc_column width=\u00a0\u00bb1\/3&Prime;][\/vc_column][\/vc_row][vc_row full_width=\u00a0\u00bbstretch_row_content_no_spaces\u00a0\u00bb content_placement=\u00a0\u00bbmiddle\u00a0\u00bb css=\u00a0\u00bb.vc_custom_1564384810600{margin-top: -25px !important;}\u00a0\u00bb][vc_column width=\u00a0\u00bb1\/2&Prime;][vc_single_image image=\u00a0\u00bb3822&Prime; img_size=\u00a0\u00bbfull\u00a0\u00bb alignment=\u00a0\u00bbcenter\u00a0\u00bb parallax_ratio=\u00a0\u00bb1.0&Prime; css=\u00a0\u00bb.vc_custom_1567778196131{margin-top: -10px !important;margin-right: 0px !important;margin-bottom: 0px !important;margin-left: 0px !important;padding-top: 0px !important;padding-right: 0px !important;padding-bottom: 0px !important;padding-left: 0px !important;}\u00a0\u00bb][\/vc_column][vc_column width=\u00a0\u00bb1\/2&Prime;][vc_row_inner content_placement=\u00a0\u00bbmiddle\u00a0\u00bb css=\u00a0\u00bb.vc_custom_1563973713162{padding-right: 10% !important;padding-left: 6% !important;}\u00a0\u00bb][vc_column_inner][vc_custom_heading text=\u00a0\u00bbDepuis le XIII \u00e8me si\u00e8cle, les Pontaud sont agriculteurs, cultivateurs sur la commune de Gaujac. Jacques, Jean-Jacques, B\u00e9nony, Virgile, Jean, Bernard se sont succ\u00e9d\u00e9s et chacun a contribu\u00e9 au fil du temps \u00e0 l&rsquo;agrandissement, \u00e0 la transformation et \u00e0 la modernisation de l&rsquo;exploitation.\u00a0\u00bb font_container=\u00a0\u00bbtag:h4|text_align:justify|color:%230a0a0a\u00a0\u00bb use_theme_fonts=\u00a0\u00bbyes\u00a0\u00bb css=\u00a0\u00bb.vc_custom_1674137217030{margin-top: 20px !important;}\u00a0\u00bb][\/vc_column_inner][\/vc_row_inner][\/vc_column][\/vc_row][vc_row full_width=\u00a0\u00bbstretch_row_content_no_spaces\u00a0\u00bb content_placement=\u00a0\u00bbmiddle\u00a0\u00bb css=\u00a0\u00bb.vc_custom_1567781420509{background-color: #f7f3e8 !important;}\u00a0\u00bb][vc_column][vc_empty_space height=\u00a0\u00bb100px\u00a0\u00bb][vc_column_text]<\/p>\n<h4 style=\"text-align: center;\"><span style=\"vertical-align: inherit;\"><span style=\"vertical-align: inherit;\">A l&rsquo;origine, exploitation arboricole et mara\u00eech\u00e8re, c&rsquo;est Virgile, Maire de Gaujac et fondateur de la cave coop\u00e9rative qui va donner un nouvel \u00e9lan \u00e0 l&rsquo;exploitation en la convertissant partiellement en vigne. <\/span><\/span><\/h4>\n<h4 style=\"text-align: center;\"><span style=\"vertical-align: inherit;\"><span style=\"vertical-align: inherit;\">Puis, son fils, Jean, en 1945, reprend l&rsquo;exploitation et commence \u00e0 vinifier dans ses propres chais.<\/span><\/span><\/h4>\n<p>[\/vc_column_text][\/vc_column][\/vc_row][vc_row full_width=\u00a0\u00bbstretch_row\u00a0\u00bb content_placement=\u00a0\u00bbmiddle\u00a0\u00bb hue=\u00a0\u00bb#ff0000&Prime; css=\u00a0\u00bb.vc_custom_1567781915855{background-color: #f7f3e8 !important;}\u00a0\u00bb][vc_column width=\u00a0\u00bb1\/2&Prime;][vc_single_image image=\u00a0\u00bb3823&Prime; img_size=\u00a0\u00bb380&#215;380&Prime; alignment=\u00a0\u00bbcenter\u00a0\u00bb css_animation=\u00a0\u00bbfadeInDown\u00a0\u00bb][\/vc_column][vc_column width=\u00a0\u00bb1\/2&Prime;][vc_single_image image=\u00a0\u00bb3824&Prime; img_size=\u00a0\u00bb380&#215;380&Prime; alignment=\u00a0\u00bbcenter\u00a0\u00bb css_animation=\u00a0\u00bbfadeInUp\u00a0\u00bb][\/vc_column][\/vc_row][vc_row full_width=\u00a0\u00bbstretch_row_content_no_spaces\u00a0\u00bb content_placement=\u00a0\u00bbmiddle\u00a0\u00bb css=\u00a0\u00bb.vc_custom_1567781446884{margin-top: -25px !important;background-color: #f7f3e8 !important;}\u00a0\u00bb][vc_column][vc_column_text]<\/p>\n<h4 style=\"text-align: center;\">A son d\u00e9c\u00e8s en 1971, Bernard reprend les rennes et convertit l&rsquo;ensemble de l&rsquo;exploitation en vigne.<\/h4>\n<h4 style=\"text-align: center;\">Il se d\u00e9tache compl\u00e8tement de la cave coop\u00e9rative et d\u00e9cide de cr\u00e9er sa propre unit\u00e9 de vinification : Le Ch\u00e2teau de Marjolet est n\u00e9.<\/h4>\n<h4 style=\"text-align: center;\">Commence alors la distribution locale, nationale et internationale. Aujourd&rsquo;hui le domaine est g\u00e9r\u00e9 par les enfants de Bernard :<br \/>\n<strong>Laurent et Sophie.<\/strong><\/h4>\n<p>[\/vc_column_text][\/vc_column][\/vc_row][vc_row full_width=\u00a0\u00bbstretch_row\u00a0\u00bb content_placement=\u00a0\u00bbmiddle\u00a0\u00bb hue=\u00a0\u00bb#ff0000&Prime; css=\u00a0\u00bb.vc_custom_1567781928123{background: #f7f3e8 url(https:\/\/www.chateaumarjolet.com\/wp-content\/uploads\/2019\/07\/topographic_bg_v1-min-1.png?id=3450) !important;}\u00a0\u00bb][vc_column width=\u00a0\u00bb1\/3&Prime;][vc_single_image image=\u00a0\u00bb3101&Prime; img_size=\u00a0\u00bb380&#215;380&Prime; css_animation=\u00a0\u00bbfadeIn\u00a0\u00bb][\/vc_column][vc_column width=\u00a0\u00bb1\/3&Prime;][vc_single_image image=\u00a0\u00bb3102&Prime; img_size=\u00a0\u00bb380&#215;380&Prime; alignment=\u00a0\u00bbcenter\u00a0\u00bb css_animation=\u00a0\u00bbfadeIn\u00a0\u00bb parallax_ratio=\u00a0\u00bb1.2&Prime; css=\u00a0\u00bb.vc_custom_1567781368224{margin-top: -120px !important;}\u00a0\u00bb][\/vc_column][vc_column width=\u00a0\u00bb1\/3&Prime;][vc_single_image image=\u00a0\u00bb3103&Prime; img_size=\u00a0\u00bb380&#215;380&Prime; css_animation=\u00a0\u00bbfadeIn\u00a0\u00bb][\/vc_column][\/vc_row][vc_row full_width=\u00a0\u00bbstretch_row_content_no_spaces\u00a0\u00bb css=\u00a0\u00bb.vc_custom_1567782002343{background-color: #f7f3e8 !important;}\u00a0\u00bb][vc_column width=\u00a0\u00bb1\/4&Prime;][\/vc_column][vc_column width=\u00a0\u00bb1\/2&Prime;][vc_column_text]<\/p>\n<h4 style=\"text-align: center;\"><span style=\"color: #dda759;\"><strong><em>Le Terroir<\/em><\/strong><\/span><\/h4>\n<p>&nbsp;<\/p>\n<h4 style=\"text-align: center;\"><span style=\"color: #000000;\">Situ\u00e9 sur la rive droite du Rh\u00f4ne dans la partie m\u00e9ridionale, le vignoble du Ch\u00e2teau de Marjolet s&rsquo;\u00e9tend sur 80 hectares : 60 hectares sur la commune de Gaujac, si\u00e8ge de la maison familiale et 20 hectares sur la commune de Laudun. <\/span><\/h4>\n<h4 style=\"text-align: center;\"><span style=\"color: #000000;\">Dans notre cave particuli\u00e8re, nous \u00e9levons des C\u00f4tes du Rh\u00f4ne Villages Laudun, des C\u00f4tes du Rh\u00f4ne Villages et des C\u00f4tes du Rh\u00f4ne appellation r\u00e9gionale. <\/span><\/h4>\n<h4 style=\"text-align: center;\"><span style=\"color: #000000;\">Nous produisons \u00e9galement des Vins de pays du Gard Blanc et Ros\u00e9 ainsi que du Vin de Pays d&rsquo;OC Rouge.<\/span><\/h4>\n<h4 style=\"text-align: center;\"><span style=\"color: #000000;\">L&rsquo;\u00e2ge moyen du vignoble est de 40 ans avec un enc\u00e9pagement qualitatif : Grenache noir, Syrah et Cinsault pour les Vins Ros\u00e9s et les Rouges; Roussane et Viognier pour les Blancs.<\/span><\/h4>\n<h4 style=\"text-align: center;\"><span style=\"color: #000000;\">Soucieux de pr\u00e9server la nature, la conduite du vignoble est raisonn\u00e9e et se fait en bon p\u00e8re de famille, dans le plus grand respect de notre environnement.<\/span><\/h4>\n<p>[\/vc_column_text][\/vc_column][vc_column width=\u00a0\u00bb1\/4&Prime;][\/vc_column][\/vc_row][vc_row full_width=\u00a0\u00bbstretch_row_content_no_spaces\u00a0\u00bb hue=\u00a0\u00bb#ff0000&Prime; css=\u00a0\u00bb.vc_custom_1564731462044{background-image: url(https:\/\/www.chateaumarjolet.com\/wp-content\/uploads\/2019\/07\/topographic_bg_v1-min.png?id=3171) !important;}\u00a0\u00bb][vc_column]<div class=\"flickity-carousel-wrapper wpb_content_element\"><div class=\"carousel flickity-carousel  pagedots-true item-count-2\" data-flickity='{ \"imagesLoaded\": true, \"percentPosition\": false, \"pageDots\": true, \"prevNextButtons\": true, \"groupCells\": false, \"contain\" : true, \"cellAlign\": \"center\", \"adaptiveHeight\": false, \"setGallerySize\": true, \"autoPlay\": 2000 }' >\n<div class=\"ozy-caroseul_item carousel-cell variable \">\n<a><img decoding=\"async\" src=\"https:\/\/www.chateaumarjolet.com\/wp-content\/uploads\/2019\/07\/Sans-titre-2.png\" alt=\"\"><\/a><\/div>\n<div class=\"ozy-caroseul_item carousel-cell variable \">\n<a><img decoding=\"async\" src=\"https:\/\/www.chateaumarjolet.com\/wp-content\/uploads\/2019\/07\/Acceuil4-2.jpg\" alt=\"\"><\/a><\/div>\n<div class=\"ozy-caroseul_item carousel-cell variable \">\n<a><img decoding=\"async\" src=\"https:\/\/www.chateaumarjolet.com\/wp-content\/uploads\/2019\/07\/Acceuil7-1.jpg\" alt=\"\"><\/a><\/div>\n<div class=\"ozy-caroseul_item carousel-cell variable \">\n<a><img decoding=\"async\" src=\"https:\/\/www.chateaumarjolet.com\/wp-content\/uploads\/2019\/07\/Acceuil9.jpg\" alt=\"\"><\/a><\/div><\/div><\/div>[\/vc_column][\/vc_row]<\/p>\n<\/div>","protected":false},"excerpt":{"rendered":"<p>[vc_row full_width=\u00a0\u00bbstretch_row\u00a0\u00bb full_height=\u00a0\u00bbyes\u00a0\u00bb content_placement=\u00a0\u00bbmiddle\u00a0\u00bb css=\u00a0\u00bb.vc_custom_1674137499622{margin-top: -50px !important;margin-bottom: px !important;background-image: url(https:\/\/www.chateaumarjolet.com\/wp-content\/uploads\/2019\/07\/Acceuil5-1.jpg?id=3324) !important;background-position: center !important;background-repeat: no-repeat !important;background-size: cover !important;}\u00a0\u00bb][vc_column width=\u00a0\u00bb1\/3&Prime;][\/vc_column][vc_column width=\u00a0\u00bb1\/3&Prime;][vc_column_text css=\u00a0\u00bb.vc_custom_1564384751172{background-color: rgba(68,68,68,0.26) !important;*background-color: rgb(68,68,68) !important;}\u00a0\u00bb] Le Domaine Un Terroir et une [&hellip;]<\/p>\n","protected":false},"author":1,"featured_media":0,"parent":0,"menu_order":-1,"comment_status":"closed","ping_status":"closed","template":"page-transparent-menu.php","meta":{"footnotes":""},"class_list":["post-1151","page","type-page","status-publish","hentry",null],"aioseo_notices":[],"_links":{"self":[{"href":"https:\/\/www.chateaumarjolet.com\/index.php\/wp-json\/wp\/v2\/pages\/1151","targetHints":{"allow":["GET"]}}],"collection":[{"href":"https:\/\/www.chateaumarjolet.com\/index.php\/wp-json\/wp\/v2\/pages"}],"about":[{"href":"https:\/\/www.chateaumarjolet.com\/index.php\/wp-json\/wp\/v2\/types\/page"}],"author":[{"embeddable":true,"href":"https:\/\/www.chateaumarjolet.com\/index.php\/wp-json\/wp\/v2\/users\/1"}],"replies":[{"embeddable":true,"href":"https:\/\/www.chateaumarjolet.com\/index.php\/wp-json\/wp\/v2\/comments?post=1151"}],"version-history":[{"count":85,"href":"https:\/\/www.chateaumarjolet.com\/index.php\/wp-json\/wp\/v2\/pages\/1151\/revisions"}],"predecessor-version":[{"id":4122,"href":"https:\/\/www.chateaumarjolet.com\/index.php\/wp-json\/wp\/v2\/pages\/1151\/revisions\/4122"}],"wp:attachment":[{"href":"https:\/\/www.chateaumarjolet.com\/index.php\/wp-json\/wp\/v2\/media?parent=1151"}],"curies":[{"name":"wp","href":"https:\/\/api.w.org\/{rel}","templated":true}]}}